{"id":11647,"date":"2015-09-09T13:47:55","date_gmt":"2015-09-09T11:47:55","guid":{"rendered":"http:\/\/dentalesparreguera.com\/ca\/?page_id=11647"},"modified":"2016-03-23T20:31:35","modified_gmt":"2016-03-23T18:31:35","slug":"especialitats","status":"publish","type":"page","link":"https:\/\/dentalesparreguera.com\/ca\/especialitats\/","title":{"rendered":"Especialitats"},"content":{"rendered":"<p>[et_pb_section admin_label=&#8221;Secci\u00f3n&#8221; fullwidth=&#8221;on&#8221; specialty=&#8221;off&#8221; background_image=&#8221;http:\/\/dentalesparreguera.com\/wp-content\/uploads\/2015\/09\/especialidades.jpg&#8221; transparent_background=&#8221;off&#8221; allow_player_pause=&#8221;off&#8221; inner_shadow=&#8221;off&#8221; parallax=&#8221;off&#8221; parallax_method=&#8221;off&#8221; padding_mobile=&#8221;off&#8221; make_fullwidth=&#8221;off&#8221; use_custom_width=&#8221;off&#8221; width_unit=&#8221;on&#8221; make_equal=&#8221;off&#8221; use_custom_gutter=&#8221;off&#8221; background_color=&#8221;#ffffff&#8221; locked=&#8221;off&#8221;][et_pb_fullwidth_header admin_label=&#8221;T\u00edtulo de anchura completa&#8221; title=&#8221;Especialitats&#8221; background_layout=&#8221;light&#8221; text_orientation=&#8221;center&#8221; header_fullscreen=&#8221;off&#8221; header_scroll_down=&#8221;off&#8221; parallax=&#8221;off&#8221; parallax_method=&#8221;off&#8221; content_orientation=&#8221;center&#8221; image_orientation=&#8221;center&#8221; custom_button_one=&#8221;off&#8221; button_one_letter_spacing=&#8221;0&#8243; button_one_use_icon=&#8221;default&#8221; button_one_icon_placement=&#8221;right&#8221; button_one_on_hover=&#8221;on&#8221; button_one_letter_spacing_hover=&#8221;0&#8243; custom_button_two=&#8221;off&#8221; button_two_letter_spacing=&#8221;0&#8243; button_two_use_icon=&#8221;default&#8221; button_two_icon_placement=&#8221;right&#8221; button_two_on_hover=&#8221;on&#8221; button_two_letter_spacing_hover=&#8221;0&#8243; background_color=&#8221;rgba(255,255,255,0.4)&#8221; subhead=&#8221;%22La nostra especialitat \u00e9s el teu somriure%22&#8243; subhead_font_size=&#8221;48px&#8221; title_font_size=&#8221;36&#8243; subhead_font=&#8221;Lobster Two||||&#8221; subhead_font_color=&#8221;#ffffff&#8221; title_font_color=&#8221;#000000&#8243; parent_locked=&#8221;off&#8221; background_overlay_color=&#8221;rgba(255,255,255,0)&#8221;]<\/p>\n<p>[\/et_pb_fullwidth_header][\/et_pb_section][et_pb_section admin_label=&#8221;Secci\u00f3n&#8221; fullwidth=&#8221;off&#8221; specialty=&#8221;off&#8221; transparent_background=&#8221;off&#8221; background_color=&#8221;#ffffff&#8221; allow_player_pause=&#8221;off&#8221; inner_shadow=&#8221;off&#8221; parallax=&#8221;off&#8221; parallax_method=&#8221;off&#8221; padding_mobile=&#8221;off&#8221; make_fullwidth=&#8221;off&#8221; use_custom_width=&#8221;off&#8221; width_unit=&#8221;on&#8221; make_equal=&#8221;off&#8221; use_custom_gutter=&#8221;off&#8221;][et_pb_row admin_label=&#8221;Fila&#8221; make_fullwidth=&#8221;off&#8221; use_custom_width=&#8221;off&#8221; width_unit=&#8221;on&#8221; use_custom_gutter=&#8221;off&#8221; padding_mobile=&#8221;off&#8221; allow_player_pause=&#8221;off&#8221; parallax=&#8221;off&#8221; parallax_method=&#8221;off&#8221; make_equal=&#8221;on&#8221; column_padding_mobile=&#8221;on&#8221;][et_pb_column type=&#8221;1_4&#8243;][et_pb_blurb admin_label=&#8221;estetica dental&#8221; title=&#8221;Est\u00e8tic Dental&#8221; url=&#8221;http:\/\/dentalesparreguera.com\/ca\/especialitats\/estetica-dental\/&#8221; url_new_window=&#8221;off&#8221; use_icon=&#8221;off&#8221; icon_color=&#8221;#8dc73f&#8221; use_circle=&#8221;off&#8221; circle_color=&#8221;#8dc73f&#8221; use_circle_border=&#8221;off&#8221; circle_border_color=&#8221;#8dc73f&#8221; image=&#8221;http:\/\/dentalesparreguera.com\/wp-content\/uploads\/2015\/09\/icono-estetica.png&#8221; icon_placement=&#8221;top&#8221; animation=&#8221;off&#8221; background_layout=&#8221;light&#8221; text_orientation=&#8221;center&#8221; use_icon_font_size=&#8221;off&#8221; use_border_color=&#8221;off&#8221; border_color=&#8221;#ffffff&#8221; border_style=&#8221;solid&#8221; alt=&#8221;Est\u00e8tic Dental&#8221;]<\/p>\n<p>Boca harm\u00f2nica i natural, que s&#8217;aconsegueix quan aconseguim una boca sana, funcional i bonica. \u00c9s la nostra especialitat.<\/p>\n<p>[\/et_pb_blurb][\/et_pb_column][et_pb_column type=&#8221;1_4&#8243;][et_pb_blurb admin_label=&#8221;carillas&#8221; title=&#8221;Carilles&#8221; url=&#8221;http:\/\/dentalesparreguera.com\/ca\/especialitats\/carilles\/&#8221; url_new_window=&#8221;off&#8221; use_icon=&#8221;off&#8221; icon_color=&#8221;#8dc73f&#8221; use_circle=&#8221;off&#8221; circle_color=&#8221;#8dc73f&#8221; use_circle_border=&#8221;off&#8221; circle_border_color=&#8221;#8dc73f&#8221; image=&#8221;http:\/\/dentalesparreguera.com\/wp-content\/uploads\/2015\/09\/icono-carillas1.png&#8221; icon_placement=&#8221;top&#8221; animation=&#8221;off&#8221; background_layout=&#8221;light&#8221; text_orientation=&#8221;center&#8221; use_icon_font_size=&#8221;off&#8221; use_border_color=&#8221;off&#8221; border_color=&#8221;#ffffff&#8221; border_style=&#8221;solid&#8221; alt=&#8221;carilles&#8221;]<\/p>\n<p>Les carilles s\u00f3n un dels millors tractaments est\u00e8tics. Aconseguim uns resultats perfectes i duradors.<\/p>\n<p>[\/et_pb_blurb][\/et_pb_column][et_pb_column type=&#8221;1_4&#8243;][et_pb_blurb admin_label=&#8221;Cirug\u00eda Oral&#8221; title=&#8221;Cirurgia Oral&#8221; url=&#8221;http:\/\/dentalesparreguera.com\/ca\/especialitats\/cirurgia-oral\/&#8221; url_new_window=&#8221;off&#8221; use_icon=&#8221;off&#8221; icon_color=&#8221;#8dc73f&#8221; use_circle=&#8221;off&#8221; circle_color=&#8221;#8dc73f&#8221; use_circle_border=&#8221;off&#8221; circle_border_color=&#8221;#8dc73f&#8221; image=&#8221;http:\/\/dentalesparreguera.com\/wp-content\/uploads\/2015\/09\/icono-cirugia-oral.png&#8221; icon_placement=&#8221;top&#8221; animation=&#8221;off&#8221; background_layout=&#8221;light&#8221; text_orientation=&#8221;center&#8221; use_icon_font_size=&#8221;off&#8221; use_border_color=&#8221;off&#8221; border_color=&#8221;#ffffff&#8221; border_style=&#8221;solid&#8221; alt=&#8221;Cirurgia Oral&#8221;]<\/p>\n<p>Comptem amb la seguretat d&#8217;estar en les millors mans, amb l&#8217;experi\u00e8ncia i recursos t\u00e8cnics m\u00e9s avan\u00e7ats.<\/p>\n<p>[\/et_pb_blurb][\/et_pb_column][et_pb_column type=&#8221;1_4&#8243;][et_pb_blurb admin_label=&#8221;Implante dental&#8221; title=&#8221;Implant Dental&#8221; url=&#8221;http:\/\/dentalesparreguera.com\/ca\/especialitats\/implant-dental\/&#8221; url_new_window=&#8221;off&#8221; use_icon=&#8221;off&#8221; icon_color=&#8221;#8dc73f&#8221; use_circle=&#8221;off&#8221; circle_color=&#8221;#8dc73f&#8221; use_circle_border=&#8221;off&#8221; circle_border_color=&#8221;#8dc73f&#8221; image=&#8221;http:\/\/dentalesparreguera.com\/wp-content\/uploads\/2015\/09\/icono-implante-dental.png&#8221; icon_placement=&#8221;top&#8221; animation=&#8221;off&#8221; background_layout=&#8221;light&#8221; text_orientation=&#8221;center&#8221; use_icon_font_size=&#8221;off&#8221; use_border_color=&#8221;off&#8221; border_color=&#8221;#ffffff&#8221; border_style=&#8221;solid&#8221; alt=&#8221;Implant Dental&#8221;]<\/p>\n<p>Podr\u00e0s mastegar, somriure i parlar amb la mateixa naturalitat i seguretat que ho feies amb les teves pr\u00f2pies dents.<\/p>\n<p>[\/et_pb_blurb][\/et_pb_column][\/et_pb_row][\/et_pb_section][et_pb_section admin_label=&#8221;Secci\u00f3n&#8221; fullwidth=&#8221;off&#8221; specialty=&#8221;off&#8221; transparent_background=&#8221;off&#8221; background_color=&#8221;#ebeac1&#8243; allow_player_pause=&#8221;off&#8221; inner_shadow=&#8221;off&#8221; parallax=&#8221;off&#8221; parallax_method=&#8221;off&#8221; padding_mobile=&#8221;off&#8221; make_fullwidth=&#8221;off&#8221; use_custom_width=&#8221;off&#8221; width_unit=&#8221;on&#8221; make_equal=&#8221;off&#8221; use_custom_gutter=&#8221;off&#8221;][et_pb_row admin_label=&#8221;Fila&#8221; make_fullwidth=&#8221;off&#8221; use_custom_width=&#8221;off&#8221; width_unit=&#8221;on&#8221; use_custom_gutter=&#8221;off&#8221; padding_mobile=&#8221;off&#8221; allow_player_pause=&#8221;off&#8221; parallax=&#8221;off&#8221; parallax_method=&#8221;off&#8221; make_equal=&#8221;on&#8221; column_padding_mobile=&#8221;on&#8221;][et_pb_column type=&#8221;1_4&#8243;][et_pb_blurb admin_label=&#8221;Periodoncia&#8221; title=&#8221;Periodoncia&#8221; url=&#8221;http:\/\/dentalesparreguera.com\/ca\/especialitats\/periodoncia\/&#8221; url_new_window=&#8221;off&#8221; use_icon=&#8221;off&#8221; icon_color=&#8221;#8dc73f&#8221; use_circle=&#8221;off&#8221; circle_color=&#8221;#8dc73f&#8221; use_circle_border=&#8221;off&#8221; circle_border_color=&#8221;#8dc73f&#8221; image=&#8221;http:\/\/dentalesparreguera.com\/wp-content\/uploads\/2015\/09\/icono-periodoncia.png&#8221; icon_placement=&#8221;top&#8221; animation=&#8221;off&#8221; background_layout=&#8221;light&#8221; text_orientation=&#8221;center&#8221; use_icon_font_size=&#8221;off&#8221; use_border_color=&#8221;off&#8221; border_color=&#8221;#ffffff&#8221; border_style=&#8221;solid&#8221; alt=&#8221;Periodoncia&#8221;]<\/p>\n<p>La prevenci\u00f3 i tractament de malalties de les genives i de l&#8217;os, garanteixen la millora de la salut de la seva boca.<\/p>\n<p>[\/et_pb_blurb][\/et_pb_column][et_pb_column type=&#8221;1_4&#8243;][et_pb_blurb admin_label=&#8221;Higiene Oral&#8221; title=&#8221;Higiene Oral&#8221; url=&#8221;http:\/\/dentalesparreguera.com\/ca\/especialitats\/higiene-oral\/&#8221; url_new_window=&#8221;off&#8221; use_icon=&#8221;off&#8221; icon_color=&#8221;#8dc73f&#8221; use_circle=&#8221;off&#8221; circle_color=&#8221;#8dc73f&#8221; use_circle_border=&#8221;off&#8221; circle_border_color=&#8221;#8dc73f&#8221; image=&#8221;http:\/\/dentalesparreguera.com\/wp-content\/uploads\/2015\/09\/icono-higiene-oral.png&#8221; icon_placement=&#8221;top&#8221; animation=&#8221;off&#8221; background_layout=&#8221;light&#8221; text_orientation=&#8221;center&#8221; use_icon_font_size=&#8221;off&#8221; use_border_color=&#8221;off&#8221; border_color=&#8221;#ffffff&#8221; border_style=&#8221;solid&#8221; alt=&#8221;Higiene Oral&#8221;]<\/p>\n<p>Per prevenir una deterioraci\u00f3 de la boca, \u00e9s necessari adquirir uns h\u00e0bits saludables en la teva rutina di\u00e0ria.<\/p>\n<p>[\/et_pb_blurb][\/et_pb_column][et_pb_column type=&#8221;1_4&#8243;][et_pb_blurb admin_label=&#8221;Odontog\u00eda General&#8221; title=&#8221;Odontog\u00eda General&#8221; url=&#8221;http:\/\/dentalesparreguera.com\/ca\/especialitats\/odontologia-conservadora-general\/&#8221; url_new_window=&#8221;off&#8221; use_icon=&#8221;off&#8221; icon_color=&#8221;#8dc73f&#8221; use_circle=&#8221;off&#8221; circle_color=&#8221;#8dc73f&#8221; use_circle_border=&#8221;off&#8221; circle_border_color=&#8221;#8dc73f&#8221; image=&#8221;http:\/\/dentalesparreguera.com\/wp-content\/uploads\/2015\/09\/icono-odontologia-general.png&#8221; icon_placement=&#8221;top&#8221; animation=&#8221;off&#8221; background_layout=&#8221;light&#8221; text_orientation=&#8221;center&#8221; use_icon_font_size=&#8221;off&#8221; use_border_color=&#8221;off&#8221; border_color=&#8221;#ffffff&#8221; border_style=&#8221;solid&#8221; alt=&#8221;Odontog\u00eda General&#8221;]<\/p>\n<p>Una prematura detecci\u00f3 de c\u00e0ries, traumatismes o alteracions, ajuden a una llarga vida de les nostres dents.<\/p>\n<p>[\/et_pb_blurb][\/et_pb_column][et_pb_column type=&#8221;1_4&#8243;][et_pb_blurb admin_label=&#8221;Endodoncia&#8221; title=&#8221;Endod\u00f2ncia&#8221; url=&#8221;http:\/\/dentalesparreguera.com\/ca\/especialitats\/endodoncia\/&#8221; url_new_window=&#8221;off&#8221; use_icon=&#8221;off&#8221; icon_color=&#8221;#8dc73f&#8221; use_circle=&#8221;off&#8221; circle_color=&#8221;#8dc73f&#8221; use_circle_border=&#8221;off&#8221; circle_border_color=&#8221;#8dc73f&#8221; image=&#8221;http:\/\/dentalesparreguera.com\/wp-content\/uploads\/2015\/09\/icono-endodoncia.png&#8221; icon_placement=&#8221;top&#8221; animation=&#8221;off&#8221; background_layout=&#8221;light&#8221; text_orientation=&#8221;center&#8221; use_icon_font_size=&#8221;off&#8221; use_border_color=&#8221;off&#8221; border_color=&#8221;#ffffff&#8221; border_style=&#8221;solid&#8221; alt=&#8221;Endod\u00f2ncia&#8221;]<\/p>\n<p>Aconseguim mantenir l&#8217;aparen\u00e7a i funcionalitat de la teva dent, malgrat els danys soferts per est.<\/p>\n<p>[\/et_pb_blurb][\/et_pb_column][\/et_pb_row][\/et_pb_section][et_pb_section admin_label=&#8221;Secci\u00f3n&#8221; fullwidth=&#8221;off&#8221; specialty=&#8221;off&#8221; transparent_background=&#8221;off&#8221; background_color=&#8221;#ffffff&#8221; allow_player_pause=&#8221;off&#8221; inner_shadow=&#8221;off&#8221; parallax=&#8221;off&#8221; parallax_method=&#8221;off&#8221; padding_mobile=&#8221;off&#8221; make_fullwidth=&#8221;off&#8221; use_custom_width=&#8221;off&#8221; width_unit=&#8221;on&#8221; make_equal=&#8221;off&#8221; use_custom_gutter=&#8221;off&#8221;][et_pb_row admin_label=&#8221;Fila&#8221; make_fullwidth=&#8221;off&#8221; use_custom_width=&#8221;off&#8221; width_unit=&#8221;on&#8221; use_custom_gutter=&#8221;off&#8221; padding_mobile=&#8221;off&#8221; allow_player_pause=&#8221;off&#8221; parallax=&#8221;off&#8221; parallax_method=&#8221;off&#8221; make_equal=&#8221;on&#8221; column_padding_mobile=&#8221;on&#8221;][et_pb_column type=&#8221;1_4&#8243;][et_pb_blurb admin_label=&#8221;Odontologia Infantil&#8221; title=&#8221;Odontologia Infantil&#8221; url=&#8221;http:\/\/dentalesparreguera.com\/ca\/especialitats\/odontologia-infantil\/&#8221; url_new_window=&#8221;off&#8221; use_icon=&#8221;off&#8221; icon_color=&#8221;#8dc73f&#8221; use_circle=&#8221;off&#8221; circle_color=&#8221;#8dc73f&#8221; use_circle_border=&#8221;off&#8221; circle_border_color=&#8221;#8dc73f&#8221; image=&#8221;http:\/\/dentalesparreguera.com\/wp-content\/uploads\/2015\/09\/icono-odontologia-infantil.png&#8221; icon_placement=&#8221;top&#8221; animation=&#8221;off&#8221; background_layout=&#8221;light&#8221; text_orientation=&#8221;center&#8221; use_icon_font_size=&#8221;off&#8221; use_border_color=&#8221;off&#8221; border_color=&#8221;#ffffff&#8221; border_style=&#8221;solid&#8221; alt=&#8221;Odontologia Infantil&#8221;]<\/p>\n<p>El seguiment des dels primers anys i inculcar una correcta higiene oral al nen, mant\u00e9 una boca sana.<\/p>\n<p>[\/et_pb_blurb][\/et_pb_column][et_pb_column type=&#8221;1_4&#8243;][et_pb_blurb admin_label=&#8221;Pr\u00f3tesis Fija y Removible&#8221; title=&#8221;Pr\u00f2tesi Fixa i Removible&#8221; url=&#8221;http:\/\/dentalesparreguera.com\/ca\/especialitats\/protesi-fixa-i-removible\/&#8221; url_new_window=&#8221;off&#8221; use_icon=&#8221;off&#8221; icon_color=&#8221;#8dc73f&#8221; use_circle=&#8221;off&#8221; circle_color=&#8221;#8dc73f&#8221; use_circle_border=&#8221;off&#8221; circle_border_color=&#8221;#8dc73f&#8221; image=&#8221;http:\/\/dentalesparreguera.com\/wp-content\/uploads\/2015\/09\/icono-protesis.png&#8221; icon_placement=&#8221;top&#8221; animation=&#8221;off&#8221; background_layout=&#8221;light&#8221; text_orientation=&#8221;center&#8221; use_icon_font_size=&#8221;off&#8221; use_border_color=&#8221;off&#8221; border_color=&#8221;#ffffff&#8221; border_style=&#8221;solid&#8221; alt=&#8221;Pr\u00f2tesi Fixa i Removible&#8221;]<\/p>\n<p>T&#8217;assessorem en pr\u00f2tesis fixes o removibles, segons sigui el m\u00e9s adequat en funci\u00f3 de les teves necessitats.<\/p>\n<p>[\/et_pb_blurb][\/et_pb_column][et_pb_column type=&#8221;1_4&#8243;][et_pb_blurb admin_label=&#8221;Blanqueamiento&#8221; title=&#8221;Blanquejament&#8221; url=&#8221;http:\/\/dentalesparreguera.com\/ca\/especialitats\/blanquejament-dental\/&#8221; url_new_window=&#8221;off&#8221; use_icon=&#8221;off&#8221; icon_color=&#8221;#8dc73f&#8221; use_circle=&#8221;off&#8221; circle_color=&#8221;#8dc73f&#8221; use_circle_border=&#8221;off&#8221; circle_border_color=&#8221;#8dc73f&#8221; image=&#8221;http:\/\/dentalesparreguera.com\/wp-content\/uploads\/2015\/09\/icono-blanqueamiento1.png&#8221; icon_placement=&#8221;top&#8221; animation=&#8221;off&#8221; background_layout=&#8221;light&#8221; text_orientation=&#8221;center&#8221; use_icon_font_size=&#8221;off&#8221; use_border_color=&#8221;off&#8221; border_color=&#8221;#ffffff&#8221; border_style=&#8221;solid&#8221; alt=&#8221;Blanquejament&#8221;]<\/p>\n<p>Gr\u00e0cies als tractaments de blanqueamiento dental, aconseguim millorar considerablement el teu somriure.<\/p>\n<p>[\/et_pb_blurb][\/et_pb_column][et_pb_column type=&#8221;1_4&#8243;][et_pb_blurb admin_label=&#8221;Ortodoncia&#8221; title=&#8221;Ortod\u00f2ncia&#8221; url=&#8221;http:\/\/dentalesparreguera.com\/ca\/especialitats\/ortodoncia\/&#8221; url_new_window=&#8221;off&#8221; use_icon=&#8221;off&#8221; icon_color=&#8221;#8dc73f&#8221; use_circle=&#8221;off&#8221; circle_color=&#8221;#8dc73f&#8221; use_circle_border=&#8221;off&#8221; circle_border_color=&#8221;#8dc73f&#8221; image=&#8221;http:\/\/dentalesparreguera.com\/wp-content\/uploads\/2015\/09\/icono-ortodoncia.png&#8221; icon_placement=&#8221;top&#8221; animation=&#8221;off&#8221; background_layout=&#8221;light&#8221; text_orientation=&#8221;center&#8221; use_icon_font_size=&#8221;off&#8221; use_border_color=&#8221;off&#8221; border_color=&#8221;#ffffff&#8221; border_style=&#8221;solid&#8221; alt=&#8221;Ortod\u00f2ncia&#8221;]<\/p>\n<p>No hi ha edat per a l&#8217;ortod\u00f2ncia, encara que \u00e9s recomanable entre els 8 i 9 anys detectar si hi ha algun problema i prevenir-ho.<\/p>\n<p>[\/et_pb_blurb][\/et_pb_column][\/et_pb_row][\/et_pb_section][et_pb_section admin_label=&#8221;Secci\u00f3n&#8221; fullwidth=&#8221;off&#8221; specialty=&#8221;off&#8221; transparent_background=&#8221;off&#8221; background_color=&#8221;#ebeac1&#8243; allow_player_pause=&#8221;off&#8221; inner_shadow=&#8221;off&#8221; parallax=&#8221;off&#8221; parallax_method=&#8221;off&#8221; padding_mobile=&#8221;off&#8221; make_fullwidth=&#8221;off&#8221; use_custom_width=&#8221;off&#8221; width_unit=&#8221;on&#8221; make_equal=&#8221;off&#8221; use_custom_gutter=&#8221;off&#8221;][et_pb_row admin_label=&#8221;Fila&#8221; make_fullwidth=&#8221;off&#8221; use_custom_width=&#8221;off&#8221; width_unit=&#8221;on&#8221; use_custom_gutter=&#8221;off&#8221; padding_mobile=&#8221;off&#8221; allow_player_pause=&#8221;off&#8221; parallax=&#8221;off&#8221; parallax_method=&#8221;off&#8221; make_equal=&#8221;on&#8221; column_padding_mobile=&#8221;on&#8221;][et_pb_column type=&#8221;1_4&#8243;][et_pb_blurb admin_label=&#8221;Halitosis&#8221; title=&#8221;Halitosis&#8221; url=&#8221;http:\/\/dentalesparreguera.com\/ca\/especialitats\/halitosis\/&#8221; url_new_window=&#8221;off&#8221; use_icon=&#8221;off&#8221; icon_color=&#8221;#8dc73f&#8221; use_circle=&#8221;off&#8221; circle_color=&#8221;#8dc73f&#8221; use_circle_border=&#8221;off&#8221; circle_border_color=&#8221;#8dc73f&#8221; image=&#8221;http:\/\/dentalesparreguera.com\/wp-content\/uploads\/2015\/09\/icono-alitosis.png&#8221; icon_placement=&#8221;top&#8221; animation=&#8221;off&#8221; background_layout=&#8221;light&#8221; text_orientation=&#8221;center&#8221; use_icon_font_size=&#8221;off&#8221; use_border_color=&#8221;off&#8221; border_color=&#8221;#ffffff&#8221; border_style=&#8221;solid&#8221; alt=&#8221;Halitosis&#8221;]<\/p>\n<p>El 80% dels casos s&#8217;ocasiona en la pr\u00f2pia cavitat bucal. En la majoria dels casos disminueix amb un canvi d&#8217;h\u00e0bits.<\/p>\n<p>[\/et_pb_blurb][\/et_pb_column][et_pb_column type=&#8221;1_4&#8243;][et_pb_blurb admin_label=&#8221;Bruxismo&#8221; title=&#8221;Bruxisme&#8221; url=&#8221;http:\/\/dentalesparreguera.com\/ca\/especialitats\/bruxisme\/&#8221; url_new_window=&#8221;off&#8221; use_icon=&#8221;off&#8221; icon_color=&#8221;#8dc73f&#8221; use_circle=&#8221;off&#8221; circle_color=&#8221;#8dc73f&#8221; use_circle_border=&#8221;off&#8221; circle_border_color=&#8221;#8dc73f&#8221; image=&#8221;http:\/\/dentalesparreguera.com\/wp-content\/uploads\/2015\/09\/icono-bruxismo1.png&#8221; icon_placement=&#8221;top&#8221; animation=&#8221;off&#8221; background_layout=&#8221;light&#8221; text_orientation=&#8221;center&#8221; use_icon_font_size=&#8221;off&#8221; use_border_color=&#8221;off&#8221; border_color=&#8221;#ffffff&#8221; border_style=&#8221;solid&#8221; alt=&#8221;Bruxisme&#8221;]<\/p>\n<p>El bruxisme \u00e9s inconscient, el primer a detectar-ho \u00e9s el dentista en observar el desgast exagerat de les dents.<\/p>\n<p>[\/et_pb_blurb][\/et_pb_column][et_pb_column type=&#8221;1_4&#8243;][et_pb_blurb admin_label=&#8221;Logopedia&#8221; title=&#8221;Logop\u00e8dia&#8221; url=&#8221;http:\/\/dentalesparreguera.com\/ca\/especialitats\/logopedia\/&#8221; url_new_window=&#8221;off&#8221; use_icon=&#8221;off&#8221; icon_color=&#8221;#8dc73f&#8221; use_circle=&#8221;off&#8221; circle_color=&#8221;#8dc73f&#8221; use_circle_border=&#8221;off&#8221; circle_border_color=&#8221;#8dc73f&#8221; image=&#8221;http:\/\/dentalesparreguera.com\/wp-content\/uploads\/2015\/10\/icono-logopedia.png&#8221; icon_placement=&#8221;top&#8221; animation=&#8221;off&#8221; background_layout=&#8221;light&#8221; text_orientation=&#8221;center&#8221; use_icon_font_size=&#8221;off&#8221; use_border_color=&#8221;off&#8221; border_color=&#8221;#ffffff&#8221; border_style=&#8221;solid&#8221; alt=&#8221;Logop\u00e8dia&#8221;]<\/p>\n<p class=\"p1\">Al camp de l&#8217;Ortod\u00f2ncia, obtindrem un resultat r\u00e0pid, efica\u00e7 i durador si es treballa paral\u00b7lelament amb un logopeda.<\/p>\n<p>[\/et_pb_blurb][\/et_pb_column][et_pb_column type=&#8221;1_4&#8243;][\/et_pb_column][\/et_pb_row][\/et_pb_section]<\/p>\n","protected":false},"excerpt":{"rendered":"<p>Boca harm\u00f2nica i natural, que s&#8217;aconsegueix quan aconseguim una boca sana, funcional i bonica. \u00c9s la nostra especialitat. Les carilles s\u00f3n un dels millors tractaments est\u00e8tics. Aconseguim uns resultats perfectes i duradors. Comptem amb la seguretat d&#8217;estar en les millors mans, amb l&#8217;experi\u00e8ncia i recursos t\u00e8cnics m\u00e9s avan\u00e7ats. Podr\u00e0s mastegar, somriure i parlar amb la [&hellip;]<\/p>\n","protected":false},"author":5,"featured_media":0,"parent":0,"menu_order":2,"comment_status":"closed","ping_status":"closed","template":"","meta":{"_et_pb_use_builder":"on","_et_pb_old_content":"","_et_gb_content_width":"","_joinchat":[],"footnotes":""},"class_list":["post-11647","page","type-page","status-publish","hentry"],"yoast_head":"<!-- This site is optimized with the Yoast SEO plugin v27.4 - https:\/\/yoast.com\/product\/yoast-seo-wordpress\/ -->\n<title>Especialitats - Mima Cl\u00ednica Dental<\/title>\n<meta name=\"description\" content=\"Les nostres especialitats son el teu somriure\" \/>\n<meta name=\"robots\" content=\"index, follow, max-snippet:-1, max-image-preview:large, max-video-preview:-1\" \/>\n<link rel=\"canonical\" href=\"https:\/\/dentalesparreguera.com\/ca\/especialitats\/\" \/>\n<meta property=\"og:locale\" content=\"ca_ES\" \/>\n<meta property=\"og:type\" content=\"article\" \/>\n<meta property=\"og:title\" content=\"Especialitats - Mima Cl\u00ednica Dental\" \/>\n<meta property=\"og:description\" content=\"Les nostres especialitats son el teu somriure\" \/>\n<meta property=\"og:url\" content=\"https:\/\/dentalesparreguera.com\/ca\/especialitats\/\" \/>\n<meta property=\"og:site_name\" content=\"Mima Cl\u00ednica Dental\" \/>\n<meta property=\"article:publisher\" content=\"https:\/\/www.facebook.com\/dentalesparreguera\/\" \/>\n<meta property=\"article:modified_time\" content=\"2016-03-23T18:31:35+00:00\" \/>\n<meta name=\"twitter:card\" content=\"summary_large_image\" \/>\n<meta name=\"twitter:label1\" content=\"Temps estimat de lectura\" \/>\n\t<meta name=\"twitter:data1\" content=\"11 minuts\" \/>\n<script type=\"application\/ld+json\" class=\"yoast-schema-graph\">{\"@context\":\"https:\\\/\\\/schema.org\",\"@graph\":[{\"@type\":\"WebPage\",\"@id\":\"https:\\\/\\\/dentalesparreguera.com\\\/ca\\\/especialitats\\\/\",\"url\":\"https:\\\/\\\/dentalesparreguera.com\\\/ca\\\/especialitats\\\/\",\"name\":\"Especialitats - Mima Cl\u00ednica Dental\",\"isPartOf\":{\"@id\":\"https:\\\/\\\/dentalesparreguera.com\\\/ca\\\/#website\"},\"datePublished\":\"2015-09-09T11:47:55+00:00\",\"dateModified\":\"2016-03-23T18:31:35+00:00\",\"description\":\"Les nostres especialitats son el teu somriure\",\"breadcrumb\":{\"@id\":\"https:\\\/\\\/dentalesparreguera.com\\\/ca\\\/especialitats\\\/#breadcrumb\"},\"inLanguage\":\"ca\",\"potentialAction\":[{\"@type\":\"ReadAction\",\"target\":[\"https:\\\/\\\/dentalesparreguera.com\\\/ca\\\/especialitats\\\/\"]}]},{\"@type\":\"BreadcrumbList\",\"@id\":\"https:\\\/\\\/dentalesparreguera.com\\\/ca\\\/especialitats\\\/#breadcrumb\",\"itemListElement\":[{\"@type\":\"ListItem\",\"position\":1,\"name\":\"Portada\",\"item\":\"https:\\\/\\\/dentalesparreguera.com\\\/ca\\\/\"},{\"@type\":\"ListItem\",\"position\":2,\"name\":\"Especialitats\"}]},{\"@type\":\"WebSite\",\"@id\":\"https:\\\/\\\/dentalesparreguera.com\\\/ca\\\/#website\",\"url\":\"https:\\\/\\\/dentalesparreguera.com\\\/ca\\\/\",\"name\":\"Mima Cl\u00ednica Dental\",\"description\":\"Tu Cl\u00ednica Dental de confianza en Esparreguera\",\"publisher\":{\"@id\":\"https:\\\/\\\/dentalesparreguera.com\\\/ca\\\/#organization\"},\"potentialAction\":[{\"@type\":\"SearchAction\",\"target\":{\"@type\":\"EntryPoint\",\"urlTemplate\":\"https:\\\/\\\/dentalesparreguera.com\\\/ca\\\/?s={search_term_string}\"},\"query-input\":{\"@type\":\"PropertyValueSpecification\",\"valueRequired\":true,\"valueName\":\"search_term_string\"}}],\"inLanguage\":\"ca\"},{\"@type\":\"Organization\",\"@id\":\"https:\\\/\\\/dentalesparreguera.com\\\/ca\\\/#organization\",\"name\":\"Mima Cl\u00ednica Dental\",\"url\":\"https:\\\/\\\/dentalesparreguera.com\\\/ca\\\/\",\"logo\":{\"@type\":\"ImageObject\",\"inLanguage\":\"ca\",\"@id\":\"https:\\\/\\\/dentalesparreguera.com\\\/ca\\\/#\\\/schema\\\/logo\\\/image\\\/\",\"url\":\"https:\\\/\\\/dentalesparreguera.com\\\/wp-content\\\/uploads\\\/2015\\\/08\\\/LOGOS-blog-mimaMIMA-2-150ppp.png\",\"contentUrl\":\"https:\\\/\\\/dentalesparreguera.com\\\/wp-content\\\/uploads\\\/2015\\\/08\\\/LOGOS-blog-mimaMIMA-2-150ppp.png\",\"width\":849,\"height\":403,\"caption\":\"Mima Cl\u00ednica Dental\"},\"image\":{\"@id\":\"https:\\\/\\\/dentalesparreguera.com\\\/ca\\\/#\\\/schema\\\/logo\\\/image\\\/\"},\"sameAs\":[\"https:\\\/\\\/www.facebook.com\\\/dentalesparreguera\\\/\"]}]}<\/script>\n<!-- \/ Yoast SEO plugin. -->","yoast_head_json":{"title":"Especialitats - Mima Cl\u00ednica Dental","description":"Les nostres especialitats son el teu somriure","robots":{"index":"index","follow":"follow","max-snippet":"max-snippet:-1","max-image-preview":"max-image-preview:large","max-video-preview":"max-video-preview:-1"},"canonical":"https:\/\/dentalesparreguera.com\/ca\/especialitats\/","og_locale":"ca_ES","og_type":"article","og_title":"Especialitats - Mima Cl\u00ednica Dental","og_description":"Les nostres especialitats son el teu somriure","og_url":"https:\/\/dentalesparreguera.com\/ca\/especialitats\/","og_site_name":"Mima Cl\u00ednica Dental","article_publisher":"https:\/\/www.facebook.com\/dentalesparreguera\/","article_modified_time":"2016-03-23T18:31:35+00:00","twitter_card":"summary_large_image","twitter_misc":{"Temps estimat de lectura":"11 minuts"},"schema":{"@context":"https:\/\/schema.org","@graph":[{"@type":"WebPage","@id":"https:\/\/dentalesparreguera.com\/ca\/especialitats\/","url":"https:\/\/dentalesparreguera.com\/ca\/especialitats\/","name":"Especialitats - Mima Cl\u00ednica Dental","isPartOf":{"@id":"https:\/\/dentalesparreguera.com\/ca\/#website"},"datePublished":"2015-09-09T11:47:55+00:00","dateModified":"2016-03-23T18:31:35+00:00","description":"Les nostres especialitats son el teu somriure","breadcrumb":{"@id":"https:\/\/dentalesparreguera.com\/ca\/especialitats\/#breadcrumb"},"inLanguage":"ca","potentialAction":[{"@type":"ReadAction","target":["https:\/\/dentalesparreguera.com\/ca\/especialitats\/"]}]},{"@type":"BreadcrumbList","@id":"https:\/\/dentalesparreguera.com\/ca\/especialitats\/#breadcrumb","itemListElement":[{"@type":"ListItem","position":1,"name":"Portada","item":"https:\/\/dentalesparreguera.com\/ca\/"},{"@type":"ListItem","position":2,"name":"Especialitats"}]},{"@type":"WebSite","@id":"https:\/\/dentalesparreguera.com\/ca\/#website","url":"https:\/\/dentalesparreguera.com\/ca\/","name":"Mima Cl\u00ednica Dental","description":"Tu Cl\u00ednica Dental de confianza en Esparreguera","publisher":{"@id":"https:\/\/dentalesparreguera.com\/ca\/#organization"},"potentialAction":[{"@type":"SearchAction","target":{"@type":"EntryPoint","urlTemplate":"https:\/\/dentalesparreguera.com\/ca\/?s={search_term_string}"},"query-input":{"@type":"PropertyValueSpecification","valueRequired":true,"valueName":"search_term_string"}}],"inLanguage":"ca"},{"@type":"Organization","@id":"https:\/\/dentalesparreguera.com\/ca\/#organization","name":"Mima Cl\u00ednica Dental","url":"https:\/\/dentalesparreguera.com\/ca\/","logo":{"@type":"ImageObject","inLanguage":"ca","@id":"https:\/\/dentalesparreguera.com\/ca\/#\/schema\/logo\/image\/","url":"https:\/\/dentalesparreguera.com\/wp-content\/uploads\/2015\/08\/LOGOS-blog-mimaMIMA-2-150ppp.png","contentUrl":"https:\/\/dentalesparreguera.com\/wp-content\/uploads\/2015\/08\/LOGOS-blog-mimaMIMA-2-150ppp.png","width":849,"height":403,"caption":"Mima Cl\u00ednica Dental"},"image":{"@id":"https:\/\/dentalesparreguera.com\/ca\/#\/schema\/logo\/image\/"},"sameAs":["https:\/\/www.facebook.com\/dentalesparreguera\/"]}]}},"_links":{"self":[{"href":"https:\/\/dentalesparreguera.com\/ca\/wp-json\/wp\/v2\/pages\/11647","targetHints":{"allow":["GET"]}}],"collection":[{"href":"https:\/\/dentalesparreguera.com\/ca\/wp-json\/wp\/v2\/pages"}],"about":[{"href":"https:\/\/dentalesparreguera.com\/ca\/wp-json\/wp\/v2\/types\/page"}],"author":[{"embeddable":true,"href":"https:\/\/dentalesparreguera.com\/ca\/wp-json\/wp\/v2\/users\/5"}],"replies":[{"embeddable":true,"href":"https:\/\/dentalesparreguera.com\/ca\/wp-json\/wp\/v2\/comments?post=11647"}],"version-history":[{"count":3,"href":"https:\/\/dentalesparreguera.com\/ca\/wp-json\/wp\/v2\/pages\/11647\/revisions"}],"predecessor-version":[{"id":11952,"href":"https:\/\/dentalesparreguera.com\/ca\/wp-json\/wp\/v2\/pages\/11647\/revisions\/11952"}],"wp:attachment":[{"href":"https:\/\/dentalesparreguera.com\/ca\/wp-json\/wp\/v2\/media?parent=11647"}],"curies":[{"name":"wp","href":"https:\/\/api.w.org\/{rel}","templated":true}]}}