{"id":11807,"date":"2015-09-16T13:40:44","date_gmt":"2015-09-16T11:40:44","guid":{"rendered":"http:\/\/dentalesparreguera.com\/ca\/?page_id=11807"},"modified":"2017-09-22T17:36:34","modified_gmt":"2017-09-22T15:36:34","slug":"blanquejament-dental","status":"publish","type":"page","link":"https:\/\/dentalesparreguera.com\/ca\/especialitats\/blanquejament-dental\/","title":{"rendered":"Blanquejament Dental"},"content":{"rendered":"<p>[et_pb_section bb_built=&#8221;1&#8243; fullwidth=&#8221;on&#8221; specialty=&#8221;off&#8221; background_image=&#8221;http:\/\/dentalesparreguera.com\/wp-content\/uploads\/2015\/09\/blanqueamiento1.jpg&#8221; transparent_background=&#8221;off&#8221; allow_player_pause=&#8221;off&#8221; inner_shadow=&#8221;off&#8221; parallax=&#8221;off&#8221; parallax_method=&#8221;off&#8221; padding_mobile=&#8221;off&#8221; make_fullwidth=&#8221;off&#8221; use_custom_width=&#8221;off&#8221; width_unit=&#8221;on&#8221; make_equal=&#8221;off&#8221; use_custom_gutter=&#8221;off&#8221; background_color=&#8221;#ffffff&#8221; gutter_width=&#8221;3&#8243; custom_padding=&#8221;||200px|&#8221; custom_padding_tablet=&#8221;50px|0|50px|0&#8243; custom_padding_last_edited=&#8221;on|desktop&#8221;][\/et_pb_section][et_pb_section bb_built=&#8221;1&#8243; fullwidth=&#8221;off&#8221; specialty=&#8221;off&#8221;][et_pb_row background_position=&#8221;top_left&#8221; background_repeat=&#8221;repeat&#8221; background_size=&#8221;initial&#8221;][et_pb_column type=&#8221;1_4&#8243;][et_pb_image admin_label=&#8221;icono blanqueamiento&#8221; src=&#8221;http:\/\/dentalesparreguera.com\/wp-content\/uploads\/2015\/09\/icono-blanqueamiento1.png&#8221; title_text=&#8221;Especialidad 1&#8243; show_in_lightbox=&#8221;off&#8221; url_new_window=&#8221;off&#8221; animation=&#8221;left&#8221; sticky=&#8221;off&#8221; align=&#8221;left&#8221; force_fullwidth=&#8221;off&#8221; always_center_on_mobile=&#8221;on&#8221; use_border_color=&#8221;off&#8221; border_color=&#8221;#ffffff&#8221; border_style=&#8221;solid&#8221; alt=&#8221;Blanquejament Dental&#8221; use_overlay=&#8221;off&#8221; animation_direction=&#8221;left&#8221; animation_style=&#8221;slide&#8221; animation_duration=&#8221;500ms&#8221; animation_intensity_slide=&#8221;10%&#8221;]<\/p>\n<p>&nbsp;<\/p>\n<p>[\/et_pb_image][\/et_pb_column][et_pb_column type=&#8221;1_2&#8243;][et_pb_post_title title=&#8221;on&#8221; meta=&#8221;off&#8221; author=&#8221;on&#8221; date=&#8221;on&#8221; categories=&#8221;on&#8221; comments=&#8221;on&#8221; featured_image=&#8221;off&#8221; featured_placement=&#8221;below&#8221; parallax_effect=&#8221;on&#8221; parallax_method=&#8221;off&#8221; text_orientation=&#8221;left&#8221; text_color=&#8221;dark&#8221; text_background=&#8221;off&#8221; text_bg_color=&#8221;rgba(255,255,255,0.9)&#8221; module_bg_color=&#8221;rgba(255,255,255,0)&#8221; title_all_caps=&#8221;off&#8221; use_border_color=&#8221;off&#8221; border_color=&#8221;#ffffff&#8221; border_style=&#8221;solid&#8221; background_color=&#8221;rgba(255,255,255,0)&#8221; parallax=&#8221;on&#8221;]<\/p>\n<p>&nbsp;<\/p>\n<p>[\/et_pb_post_title][et_pb_text admin_label=&#8221;Blanqueamiento Dental&#8221; background_layout=&#8221;light&#8221; text_orientation=&#8221;left&#8221; use_border_color=&#8221;off&#8221; border_color=&#8221;#ffffff&#8221; border_style=&#8221;solid&#8221; module_alignment=&#8221;left&#8221; background_position=&#8221;top_left&#8221; background_repeat=&#8221;repeat&#8221; background_size=&#8221;initial&#8221;]<\/p>\n<p>El que necessites saber: Perqu\u00e8 una dent es blanqueja i com mantenir el color guanyat als llarg del temps. El primer que cal valorar \u00e9s el tipus d&#8217;esmalt, coloraci\u00f3, tinci\u00f3 ect. Les Corones, fonguis, Incustaciones, Carillas, Composites, no es blanquegen ni aclareixen.<\/p>\n<p>Gr\u00e0cies als tractaments de blanquejament dental, aconseguim millorar considerablement el teu somriure. El blanquejament extern consisteix a eliminar les taques de la superf\u00edcie de la dent o de l&#8217;interior del mateix amb t\u00e8cniques senzilles i inn\u00f2cues que es realitzen en la cl\u00ednica i\/o a la seva casa.<\/p>\n<p>[\/et_pb_text][et_pb_text admin_label=&#8221;Frase destacada&#8221; background_layout=&#8221;light&#8221; text_orientation=&#8221;center&#8221; text_font_size=&#8221;18&#8243; use_border_color=&#8221;off&#8221; border_color=&#8221;#ffffff&#8221; border_style=&#8221;solid&#8221; text_font=&#8221;||on||&#8221; module_alignment=&#8221;center&#8221; background_position=&#8221;top_left&#8221; background_repeat=&#8221;repeat&#8221; background_size=&#8221;initial&#8221;]<\/p>\n<h2><span style=\"color: #bcbb33;\">&#8220;Millora el teu\u00a0somriure&#8221;<\/span><\/h2>\n<p>[\/et_pb_text][\/et_pb_column][et_pb_column type=&#8221;1_4&#8243;][et_pb_sidebar orientation=&#8221;right&#8221; area=&#8221;et_pb_widget_area_2&#8243; background_layout=&#8221;light&#8221; remove_border=&#8221;off&#8221; show_border=&#8221;off&#8221; _builder_version=&#8221;3.0.76&#8243;]<\/p>\n<p>&nbsp;<\/p>\n<p>[\/et_pb_sidebar][\/et_pb_column][\/et_pb_row][\/et_pb_section]<\/p>\n","protected":false},"excerpt":{"rendered":"<p>&nbsp; &nbsp; El que necessites saber: Perqu\u00e8 una dent es blanqueja i com mantenir el color guanyat als llarg del temps. El primer que cal valorar \u00e9s el tipus d&#8217;esmalt, coloraci\u00f3, tinci\u00f3 ect. Les Corones, fonguis, Incustaciones, Carillas, Composites, no es blanquegen ni aclareixen. Gr\u00e0cies als tractaments de blanquejament dental, aconseguim millorar considerablement el teu [&hellip;]<\/p>\n","protected":false},"author":5,"featured_media":0,"parent":11647,"menu_order":11,"comment_status":"closed","ping_status":"closed","template":"","meta":{"_et_pb_use_builder":"on","_et_pb_old_content":"","_et_gb_content_width":"","_joinchat":[],"footnotes":""},"class_list":["post-11807","page","type-page","status-publish","hentry"],"yoast_head":"<!-- This site is optimized with the Yoast SEO plugin v27.4 - https:\/\/yoast.com\/product\/yoast-seo-wordpress\/ -->\n<title>Blanquejament Dental - Mima Cl\u00ednica Dental<\/title>\n<meta name=\"robots\" content=\"index, follow, max-snippet:-1, max-image-preview:large, max-video-preview:-1\" \/>\n<link rel=\"canonical\" href=\"https:\/\/dentalesparreguera.com\/ca\/especialitats\/blanquejament-dental\/\" \/>\n<meta property=\"og:locale\" content=\"ca_ES\" \/>\n<meta property=\"og:type\" content=\"article\" \/>\n<meta property=\"og:title\" content=\"Blanquejament Dental - Mima Cl\u00ednica Dental\" \/>\n<meta property=\"og:description\" content=\"&nbsp; &nbsp; El que necessites saber: Perqu\u00e8 una dent es blanqueja i com mantenir el color guanyat als llarg del temps. El primer que cal valorar \u00e9s el tipus d&#039;esmalt, coloraci\u00f3, tinci\u00f3 ect. Les Corones, fonguis, Incustaciones, Carillas, Composites, no es blanquegen ni aclareixen. Gr\u00e0cies als tractaments de blanquejament dental, aconseguim millorar considerablement el teu [&hellip;]\" \/>\n<meta property=\"og:url\" content=\"https:\/\/dentalesparreguera.com\/ca\/especialitats\/blanquejament-dental\/\" \/>\n<meta property=\"og:site_name\" content=\"Mima Cl\u00ednica Dental\" \/>\n<meta property=\"article:publisher\" content=\"https:\/\/www.facebook.com\/dentalesparreguera\/\" \/>\n<meta property=\"article:modified_time\" content=\"2017-09-22T15:36:34+00:00\" \/>\n<meta name=\"twitter:card\" content=\"summary_large_image\" \/>\n<meta name=\"twitter:label1\" content=\"Temps estimat de lectura\" \/>\n\t<meta name=\"twitter:data1\" content=\"2 minuts\" \/>\n<script type=\"application\/ld+json\" class=\"yoast-schema-graph\">{\"@context\":\"https:\\\/\\\/schema.org\",\"@graph\":[{\"@type\":\"WebPage\",\"@id\":\"https:\\\/\\\/dentalesparreguera.com\\\/ca\\\/especialitats\\\/blanquejament-dental\\\/\",\"url\":\"https:\\\/\\\/dentalesparreguera.com\\\/ca\\\/especialitats\\\/blanquejament-dental\\\/\",\"name\":\"Blanquejament Dental - Mima Cl\u00ednica Dental\",\"isPartOf\":{\"@id\":\"https:\\\/\\\/dentalesparreguera.com\\\/ca\\\/#website\"},\"datePublished\":\"2015-09-16T11:40:44+00:00\",\"dateModified\":\"2017-09-22T15:36:34+00:00\",\"breadcrumb\":{\"@id\":\"https:\\\/\\\/dentalesparreguera.com\\\/ca\\\/especialitats\\\/blanquejament-dental\\\/#breadcrumb\"},\"inLanguage\":\"ca\",\"potentialAction\":[{\"@type\":\"ReadAction\",\"target\":[\"https:\\\/\\\/dentalesparreguera.com\\\/ca\\\/especialitats\\\/blanquejament-dental\\\/\"]}]},{\"@type\":\"BreadcrumbList\",\"@id\":\"https:\\\/\\\/dentalesparreguera.com\\\/ca\\\/especialitats\\\/blanquejament-dental\\\/#breadcrumb\",\"itemListElement\":[{\"@type\":\"ListItem\",\"position\":1,\"name\":\"Portada\",\"item\":\"https:\\\/\\\/dentalesparreguera.com\\\/ca\\\/\"},{\"@type\":\"ListItem\",\"position\":2,\"name\":\"Especialitats\",\"item\":\"https:\\\/\\\/dentalesparreguera.com\\\/ca\\\/especialitats\\\/\"},{\"@type\":\"ListItem\",\"position\":3,\"name\":\"Blanquejament Dental\"}]},{\"@type\":\"WebSite\",\"@id\":\"https:\\\/\\\/dentalesparreguera.com\\\/ca\\\/#website\",\"url\":\"https:\\\/\\\/dentalesparreguera.com\\\/ca\\\/\",\"name\":\"Mima Cl\u00ednica Dental\",\"description\":\"Tu Cl\u00ednica Dental de confianza en Esparreguera\",\"publisher\":{\"@id\":\"https:\\\/\\\/dentalesparreguera.com\\\/ca\\\/#organization\"},\"potentialAction\":[{\"@type\":\"SearchAction\",\"target\":{\"@type\":\"EntryPoint\",\"urlTemplate\":\"https:\\\/\\\/dentalesparreguera.com\\\/ca\\\/?s={search_term_string}\"},\"query-input\":{\"@type\":\"PropertyValueSpecification\",\"valueRequired\":true,\"valueName\":\"search_term_string\"}}],\"inLanguage\":\"ca\"},{\"@type\":\"Organization\",\"@id\":\"https:\\\/\\\/dentalesparreguera.com\\\/ca\\\/#organization\",\"name\":\"Mima Cl\u00ednica Dental\",\"url\":\"https:\\\/\\\/dentalesparreguera.com\\\/ca\\\/\",\"logo\":{\"@type\":\"ImageObject\",\"inLanguage\":\"ca\",\"@id\":\"https:\\\/\\\/dentalesparreguera.com\\\/ca\\\/#\\\/schema\\\/logo\\\/image\\\/\",\"url\":\"https:\\\/\\\/dentalesparreguera.com\\\/wp-content\\\/uploads\\\/2015\\\/08\\\/LOGOS-blog-mimaMIMA-2-150ppp.png\",\"contentUrl\":\"https:\\\/\\\/dentalesparreguera.com\\\/wp-content\\\/uploads\\\/2015\\\/08\\\/LOGOS-blog-mimaMIMA-2-150ppp.png\",\"width\":849,\"height\":403,\"caption\":\"Mima Cl\u00ednica Dental\"},\"image\":{\"@id\":\"https:\\\/\\\/dentalesparreguera.com\\\/ca\\\/#\\\/schema\\\/logo\\\/image\\\/\"},\"sameAs\":[\"https:\\\/\\\/www.facebook.com\\\/dentalesparreguera\\\/\"]}]}<\/script>\n<!-- \/ Yoast SEO plugin. -->","yoast_head_json":{"title":"Blanquejament Dental - Mima Cl\u00ednica Dental","robots":{"index":"index","follow":"follow","max-snippet":"max-snippet:-1","max-image-preview":"max-image-preview:large","max-video-preview":"max-video-preview:-1"},"canonical":"https:\/\/dentalesparreguera.com\/ca\/especialitats\/blanquejament-dental\/","og_locale":"ca_ES","og_type":"article","og_title":"Blanquejament Dental - Mima Cl\u00ednica Dental","og_description":"&nbsp; &nbsp; El que necessites saber: Perqu\u00e8 una dent es blanqueja i com mantenir el color guanyat als llarg del temps. El primer que cal valorar \u00e9s el tipus d'esmalt, coloraci\u00f3, tinci\u00f3 ect. Les Corones, fonguis, Incustaciones, Carillas, Composites, no es blanquegen ni aclareixen. Gr\u00e0cies als tractaments de blanquejament dental, aconseguim millorar considerablement el teu [&hellip;]","og_url":"https:\/\/dentalesparreguera.com\/ca\/especialitats\/blanquejament-dental\/","og_site_name":"Mima Cl\u00ednica Dental","article_publisher":"https:\/\/www.facebook.com\/dentalesparreguera\/","article_modified_time":"2017-09-22T15:36:34+00:00","twitter_card":"summary_large_image","twitter_misc":{"Temps estimat de lectura":"2 minuts"},"schema":{"@context":"https:\/\/schema.org","@graph":[{"@type":"WebPage","@id":"https:\/\/dentalesparreguera.com\/ca\/especialitats\/blanquejament-dental\/","url":"https:\/\/dentalesparreguera.com\/ca\/especialitats\/blanquejament-dental\/","name":"Blanquejament Dental - Mima Cl\u00ednica Dental","isPartOf":{"@id":"https:\/\/dentalesparreguera.com\/ca\/#website"},"datePublished":"2015-09-16T11:40:44+00:00","dateModified":"2017-09-22T15:36:34+00:00","breadcrumb":{"@id":"https:\/\/dentalesparreguera.com\/ca\/especialitats\/blanquejament-dental\/#breadcrumb"},"inLanguage":"ca","potentialAction":[{"@type":"ReadAction","target":["https:\/\/dentalesparreguera.com\/ca\/especialitats\/blanquejament-dental\/"]}]},{"@type":"BreadcrumbList","@id":"https:\/\/dentalesparreguera.com\/ca\/especialitats\/blanquejament-dental\/#breadcrumb","itemListElement":[{"@type":"ListItem","position":1,"name":"Portada","item":"https:\/\/dentalesparreguera.com\/ca\/"},{"@type":"ListItem","position":2,"name":"Especialitats","item":"https:\/\/dentalesparreguera.com\/ca\/especialitats\/"},{"@type":"ListItem","position":3,"name":"Blanquejament Dental"}]},{"@type":"WebSite","@id":"https:\/\/dentalesparreguera.com\/ca\/#website","url":"https:\/\/dentalesparreguera.com\/ca\/","name":"Mima Cl\u00ednica Dental","description":"Tu Cl\u00ednica Dental de confianza en Esparreguera","publisher":{"@id":"https:\/\/dentalesparreguera.com\/ca\/#organization"},"potentialAction":[{"@type":"SearchAction","target":{"@type":"EntryPoint","urlTemplate":"https:\/\/dentalesparreguera.com\/ca\/?s={search_term_string}"},"query-input":{"@type":"PropertyValueSpecification","valueRequired":true,"valueName":"search_term_string"}}],"inLanguage":"ca"},{"@type":"Organization","@id":"https:\/\/dentalesparreguera.com\/ca\/#organization","name":"Mima Cl\u00ednica Dental","url":"https:\/\/dentalesparreguera.com\/ca\/","logo":{"@type":"ImageObject","inLanguage":"ca","@id":"https:\/\/dentalesparreguera.com\/ca\/#\/schema\/logo\/image\/","url":"https:\/\/dentalesparreguera.com\/wp-content\/uploads\/2015\/08\/LOGOS-blog-mimaMIMA-2-150ppp.png","contentUrl":"https:\/\/dentalesparreguera.com\/wp-content\/uploads\/2015\/08\/LOGOS-blog-mimaMIMA-2-150ppp.png","width":849,"height":403,"caption":"Mima Cl\u00ednica Dental"},"image":{"@id":"https:\/\/dentalesparreguera.com\/ca\/#\/schema\/logo\/image\/"},"sameAs":["https:\/\/www.facebook.com\/dentalesparreguera\/"]}]}},"_links":{"self":[{"href":"https:\/\/dentalesparreguera.com\/ca\/wp-json\/wp\/v2\/pages\/11807","targetHints":{"allow":["GET"]}}],"collection":[{"href":"https:\/\/dentalesparreguera.com\/ca\/wp-json\/wp\/v2\/pages"}],"about":[{"href":"https:\/\/dentalesparreguera.com\/ca\/wp-json\/wp\/v2\/types\/page"}],"author":[{"embeddable":true,"href":"https:\/\/dentalesparreguera.com\/ca\/wp-json\/wp\/v2\/users\/5"}],"replies":[{"embeddable":true,"href":"https:\/\/dentalesparreguera.com\/ca\/wp-json\/wp\/v2\/comments?post=11807"}],"version-history":[{"count":4,"href":"https:\/\/dentalesparreguera.com\/ca\/wp-json\/wp\/v2\/pages\/11807\/revisions"}],"predecessor-version":[{"id":13000,"href":"https:\/\/dentalesparreguera.com\/ca\/wp-json\/wp\/v2\/pages\/11807\/revisions\/13000"}],"up":[{"embeddable":true,"href":"https:\/\/dentalesparreguera.com\/ca\/wp-json\/wp\/v2\/pages\/11647"}],"wp:attachment":[{"href":"https:\/\/dentalesparreguera.com\/ca\/wp-json\/wp\/v2\/media?parent=11807"}],"curies":[{"name":"wp","href":"https:\/\/api.w.org\/{rel}","templated":true}]}}